{"id":1400,"date":"2015-10-29T16:04:01","date_gmt":"2015-10-29T16:04:01","guid":{"rendered":"https:\/\/www.coolepark.ie\/oideachas\/"},"modified":"2023-09-01T11:54:29","modified_gmt":"2023-09-01T11:54:29","slug":"oideachas","status":"publish","type":"page","link":"https:\/\/www.coolepark.ie\/ga\/oideachas\/","title":{"rendered":"Oideachas"},"content":{"rendered":"<p>T\u00e1 gr\u00e9as\u00e1n d\u2019Ionaid Oideachais ag an tSeirbh\u00eds P\u00e1irceanna N\u00e1isi\u00fanta &amp; Fiadh\u00falra ar fud na t\u00edre. T\u00e1 s\u00e9 mar aidhm againn, leis na hIonaid Oideachais seo, feasacht a ard\u00fa ar an domhan n\u00e1d\u00fartha agus ar an t\u00e1bhacht a bhaineann le caomhn\u00fa an chomhshaoil. B\u00edonn cuid acu oscailte ar feadh na bliana, agus b\u00edonn cinn eile ag feidhmi\u00fa go s\u00e9as\u00farach. T\u00e1 cl\u00e1ir saor in aisce do scoileanna, agus don phobal i gcoitinne. Cuireann gach ionad cl\u00e1ir su\u00edomhoiri\u00fanaithe ar f\u00e1il, ach de ghn\u00e1th, is f\u00e9idir leo cl\u00e1ir Feasachta D\u00falra a thairiscint do bhunscoileanna, agus obair allamuigh \u00e9iceola\u00edochta n\u00f3 t\u00edreola\u00edochta do mhe\u00e1nscoileanna. Is f\u00e9idir leo freisin imeachta\u00ed speisialta agus turais a thairiscint don phobal.<\/p>\n<p><strong>Aidhmeanna Chl\u00e1r Oideachais na Seirbh\u00edse P\u00e1irceanna N\u00e1isi\u00fanta &amp; Fiadh\u00falra:<\/strong><\/p>\n<ul>\n<li>Meas, tuiscint agus c\u00faram don oidhreacht a chur chun cinn agus go h\u00e1irithe don domhan n\u00e1d\u00fartha.<\/li>\n<li>Forbairt cleachtais at\u00e1 neamhdh\u00edobh\u00e1lach don chomhshaol a spreagadh.<\/li>\n<li>An pobal a chur ar an eolas faoin tseirbh\u00eds P\u00e1irceanna N\u00e1isi\u00fanta agus Fiadh\u00falra agus a r\u00f3l i gcaomhn\u00fa.<\/li>\n<\/ul>\n<p><strong>Ag Anaclann D\u00falra Ph\u00e1irc na C\u00faile cuirimid raon cl\u00e1r ar f\u00e1il do scoileanna, imeachta\u00ed poibl\u00ed speisialta agus si\u00fal\u00f3id\u00ed treoraithe do ghr\u00fapa\u00ed. <\/strong><\/p>\n<p><strong>Le haghaidh fiosr\u00fach\u00e1in n\u00f3 \u00e1irithint\u00ed, d\u00e9an teagmh\u00e1il linn tr\u00ed r\u00edomhphost <a href=\"mailto:coolepark@npws.gov.ie\">coolepark@npws.gov.ie<\/a>  <\/strong><\/p>\n<hr>\n<p>&nbsp;<\/p>\n","protected":false},"excerpt":{"rendered":"<p>T\u00e1 gr\u00e9as\u00e1n d\u2019Ionaid Oideachais ag an tSeirbh\u00eds P\u00e1irceanna N\u00e1isi\u00fanta &amp; Fiadh\u00falra ar fud na t\u00edre. T\u00e1 s\u00e9 mar aidhm againn, leis na hIonaid Oideachais seo, feasacht a ard\u00fa ar an domhan n\u00e1d\u00fartha agus ar an t\u00e1bhacht a bhaineann le caomhn\u00fa an chomhshaoil. B\u00edonn cuid acu oscailte ar feadh na bliana, agus b\u00edonn cinn eile ag&hellip; <a class=\"continue\" href=\"https:\/\/www.coolepark.ie\/ga\/oideachas\/\">Read More<span> Oideachas<\/span><\/a><\/p>\n","protected":false},"author":3,"featured_media":1269,"parent":0,"menu_order":7,"comment_status":"closed","ping_status":"closed","template":"full-width.php","meta":{"footnotes":""},"class_list":["post-1400","page","type-page","status-publish","has-post-thumbnail","hentry"],"yoast_head":"<!-- This site is optimized with the Yoast SEO plugin v27.5 - https:\/\/yoast.com\/product\/yoast-seo-wordpress\/ -->\n<title>Oideachas - Anaclann D\u00falra Ph\u00e1irc na C\u00faile<\/title>\n<meta name=\"robots\" content=\"index, follow, max-snippet:-1, max-image-preview:large, max-video-preview:-1\" \/>\n<link rel=\"canonical\" href=\"https:\/\/www.coolepark.ie\/ga\/oideachas\/\" \/>\n<meta property=\"og:locale\" content=\"ga_IE\" \/>\n<meta property=\"og:type\" content=\"article\" \/>\n<meta property=\"og:title\" content=\"Oideachas - Anaclann D\u00falra Ph\u00e1irc na C\u00faile\" \/>\n<meta property=\"og:description\" content=\"T\u00e1 gr\u00e9as\u00e1n d\u2019Ionaid Oideachais ag an tSeirbh\u00eds P\u00e1irceanna N\u00e1isi\u00fanta &amp; Fiadh\u00falra ar fud na t\u00edre. T\u00e1 s\u00e9 mar aidhm againn, leis na hIonaid Oideachais seo, feasacht a ard\u00fa ar an domhan n\u00e1d\u00fartha agus ar an t\u00e1bhacht a bhaineann le caomhn\u00fa an chomhshaoil. B\u00edonn cuid acu oscailte ar feadh na bliana, agus b\u00edonn cinn eile ag&hellip; Read More Oideachas\" \/>\n<meta property=\"og:url\" content=\"https:\/\/www.coolepark.ie\/ga\/oideachas\/\" \/>\n<meta property=\"og:site_name\" content=\"Anaclann D\u00falra Ph\u00e1irc na C\u00faile\" \/>\n<meta property=\"article:publisher\" content=\"https:\/\/www.facebook.com\/coolegarrylandnaturereserve\" \/>\n<meta property=\"article:modified_time\" content=\"2023-09-01T11:54:29+00:00\" \/>\n<meta property=\"og:image\" content=\"https:\/\/www.coolepark.ie\/wp-content\/uploads\/2019\/06\/Visitor-Centre-e1559576673782.jpg\" \/>\n\t<meta property=\"og:image:width\" content=\"948\" \/>\n\t<meta property=\"og:image:height\" content=\"272\" \/>\n\t<meta property=\"og:image:type\" content=\"image\/jpeg\" \/>\n<meta name=\"twitter:card\" content=\"summary_large_image\" \/>\n<meta name=\"twitter:site\" content=\"@DeptHousingIRL\" \/>\n<meta name=\"twitter:label1\" content=\"Est. reading time\" \/>\n\t<meta name=\"twitter:data1\" content=\"1 minute\" \/>\n<script type=\"application\/ld+json\" class=\"yoast-schema-graph\">{\"@context\":\"https:\\\/\\\/schema.org\",\"@graph\":[{\"@type\":\"WebPage\",\"@id\":\"https:\\\/\\\/www.coolepark.ie\\\/ga\\\/oideachas\\\/\",\"url\":\"https:\\\/\\\/www.coolepark.ie\\\/ga\\\/oideachas\\\/\",\"name\":\"Oideachas - Anaclann D\u00falra Ph\u00e1irc na C\u00faile\",\"isPartOf\":{\"@id\":\"https:\\\/\\\/www.coolepark.ie\\\/ga\\\/#website\"},\"primaryImageOfPage\":{\"@id\":\"https:\\\/\\\/www.coolepark.ie\\\/ga\\\/oideachas\\\/#primaryimage\"},\"image\":{\"@id\":\"https:\\\/\\\/www.coolepark.ie\\\/ga\\\/oideachas\\\/#primaryimage\"},\"thumbnailUrl\":\"https:\\\/\\\/www.coolepark.ie\\\/wp-content\\\/uploads\\\/2019\\\/06\\\/Visitor-Centre-e1559576673782.jpg\",\"datePublished\":\"2015-10-29T16:04:01+00:00\",\"dateModified\":\"2023-09-01T11:54:29+00:00\",\"breadcrumb\":{\"@id\":\"https:\\\/\\\/www.coolepark.ie\\\/ga\\\/oideachas\\\/#breadcrumb\"},\"inLanguage\":\"ga-IE\",\"potentialAction\":[{\"@type\":\"ReadAction\",\"target\":[\"https:\\\/\\\/www.coolepark.ie\\\/ga\\\/oideachas\\\/\"]}]},{\"@type\":\"ImageObject\",\"inLanguage\":\"ga-IE\",\"@id\":\"https:\\\/\\\/www.coolepark.ie\\\/ga\\\/oideachas\\\/#primaryimage\",\"url\":\"https:\\\/\\\/www.coolepark.ie\\\/wp-content\\\/uploads\\\/2019\\\/06\\\/Visitor-Centre-e1559576673782.jpg\",\"contentUrl\":\"https:\\\/\\\/www.coolepark.ie\\\/wp-content\\\/uploads\\\/2019\\\/06\\\/Visitor-Centre-e1559576673782.jpg\",\"width\":948,\"height\":272},{\"@type\":\"BreadcrumbList\",\"@id\":\"https:\\\/\\\/www.coolepark.ie\\\/ga\\\/oideachas\\\/#breadcrumb\",\"itemListElement\":[{\"@type\":\"ListItem\",\"position\":1,\"name\":\"Home\",\"item\":\"https:\\\/\\\/www.coolepark.ie\\\/ga\\\/\"},{\"@type\":\"ListItem\",\"position\":2,\"name\":\"Oideachas\"}]},{\"@type\":\"WebSite\",\"@id\":\"https:\\\/\\\/www.coolepark.ie\\\/ga\\\/#website\",\"url\":\"https:\\\/\\\/www.coolepark.ie\\\/ga\\\/\",\"name\":\"Anaclann D\u00falra Ph\u00e1irc na C\u00faile\",\"description\":\"\",\"potentialAction\":[{\"@type\":\"SearchAction\",\"target\":{\"@type\":\"EntryPoint\",\"urlTemplate\":\"https:\\\/\\\/www.coolepark.ie\\\/ga\\\/?s={search_term_string}\"},\"query-input\":{\"@type\":\"PropertyValueSpecification\",\"valueRequired\":true,\"valueName\":\"search_term_string\"}}],\"inLanguage\":\"ga-IE\"}]}<\/script>\n<!-- \/ Yoast SEO plugin. -->","yoast_head_json":{"title":"Oideachas - Anaclann D\u00falra Ph\u00e1irc na C\u00faile","robots":{"index":"index","follow":"follow","max-snippet":"max-snippet:-1","max-image-preview":"max-image-preview:large","max-video-preview":"max-video-preview:-1"},"canonical":"https:\/\/www.coolepark.ie\/ga\/oideachas\/","og_locale":"ga_IE","og_type":"article","og_title":"Oideachas - Anaclann D\u00falra Ph\u00e1irc na C\u00faile","og_description":"T\u00e1 gr\u00e9as\u00e1n d\u2019Ionaid Oideachais ag an tSeirbh\u00eds P\u00e1irceanna N\u00e1isi\u00fanta &amp; Fiadh\u00falra ar fud na t\u00edre. T\u00e1 s\u00e9 mar aidhm againn, leis na hIonaid Oideachais seo, feasacht a ard\u00fa ar an domhan n\u00e1d\u00fartha agus ar an t\u00e1bhacht a bhaineann le caomhn\u00fa an chomhshaoil. B\u00edonn cuid acu oscailte ar feadh na bliana, agus b\u00edonn cinn eile ag&hellip; Read More Oideachas","og_url":"https:\/\/www.coolepark.ie\/ga\/oideachas\/","og_site_name":"Anaclann D\u00falra Ph\u00e1irc na C\u00faile","article_publisher":"https:\/\/www.facebook.com\/coolegarrylandnaturereserve","article_modified_time":"2023-09-01T11:54:29+00:00","og_image":[{"width":948,"height":272,"url":"https:\/\/www.coolepark.ie\/wp-content\/uploads\/2019\/06\/Visitor-Centre-e1559576673782.jpg","type":"image\/jpeg"}],"twitter_card":"summary_large_image","twitter_site":"@DeptHousingIRL","twitter_misc":{"Est. reading time":"1 minute"},"schema":{"@context":"https:\/\/schema.org","@graph":[{"@type":"WebPage","@id":"https:\/\/www.coolepark.ie\/ga\/oideachas\/","url":"https:\/\/www.coolepark.ie\/ga\/oideachas\/","name":"Oideachas - Anaclann D\u00falra Ph\u00e1irc na C\u00faile","isPartOf":{"@id":"https:\/\/www.coolepark.ie\/ga\/#website"},"primaryImageOfPage":{"@id":"https:\/\/www.coolepark.ie\/ga\/oideachas\/#primaryimage"},"image":{"@id":"https:\/\/www.coolepark.ie\/ga\/oideachas\/#primaryimage"},"thumbnailUrl":"https:\/\/www.coolepark.ie\/wp-content\/uploads\/2019\/06\/Visitor-Centre-e1559576673782.jpg","datePublished":"2015-10-29T16:04:01+00:00","dateModified":"2023-09-01T11:54:29+00:00","breadcrumb":{"@id":"https:\/\/www.coolepark.ie\/ga\/oideachas\/#breadcrumb"},"inLanguage":"ga-IE","potentialAction":[{"@type":"ReadAction","target":["https:\/\/www.coolepark.ie\/ga\/oideachas\/"]}]},{"@type":"ImageObject","inLanguage":"ga-IE","@id":"https:\/\/www.coolepark.ie\/ga\/oideachas\/#primaryimage","url":"https:\/\/www.coolepark.ie\/wp-content\/uploads\/2019\/06\/Visitor-Centre-e1559576673782.jpg","contentUrl":"https:\/\/www.coolepark.ie\/wp-content\/uploads\/2019\/06\/Visitor-Centre-e1559576673782.jpg","width":948,"height":272},{"@type":"BreadcrumbList","@id":"https:\/\/www.coolepark.ie\/ga\/oideachas\/#breadcrumb","itemListElement":[{"@type":"ListItem","position":1,"name":"Home","item":"https:\/\/www.coolepark.ie\/ga\/"},{"@type":"ListItem","position":2,"name":"Oideachas"}]},{"@type":"WebSite","@id":"https:\/\/www.coolepark.ie\/ga\/#website","url":"https:\/\/www.coolepark.ie\/ga\/","name":"Anaclann D\u00falra Ph\u00e1irc na C\u00faile","description":"","potentialAction":[{"@type":"SearchAction","target":{"@type":"EntryPoint","urlTemplate":"https:\/\/www.coolepark.ie\/ga\/?s={search_term_string}"},"query-input":{"@type":"PropertyValueSpecification","valueRequired":true,"valueName":"search_term_string"}}],"inLanguage":"ga-IE"}]}},"_links":{"self":[{"href":"https:\/\/www.coolepark.ie\/ga\/wp-json\/wp\/v2\/pages\/1400","targetHints":{"allow":["GET"]}}],"collection":[{"href":"https:\/\/www.coolepark.ie\/ga\/wp-json\/wp\/v2\/pages"}],"about":[{"href":"https:\/\/www.coolepark.ie\/ga\/wp-json\/wp\/v2\/types\/page"}],"author":[{"embeddable":true,"href":"https:\/\/www.coolepark.ie\/ga\/wp-json\/wp\/v2\/users\/3"}],"replies":[{"embeddable":true,"href":"https:\/\/www.coolepark.ie\/ga\/wp-json\/wp\/v2\/comments?post=1400"}],"version-history":[{"count":1,"href":"https:\/\/www.coolepark.ie\/ga\/wp-json\/wp\/v2\/pages\/1400\/revisions"}],"predecessor-version":[{"id":1683,"href":"https:\/\/www.coolepark.ie\/ga\/wp-json\/wp\/v2\/pages\/1400\/revisions\/1683"}],"wp:featuredmedia":[{"embeddable":true,"href":"https:\/\/www.coolepark.ie\/ga\/wp-json\/wp\/v2\/media\/1269"}],"wp:attachment":[{"href":"https:\/\/www.coolepark.ie\/ga\/wp-json\/wp\/v2\/media?parent=1400"}],"curies":[{"name":"wp","href":"https:\/\/api.w.org\/{rel}","templated":true}]}}