{"id":1403,"date":"2015-08-06T14:35:44","date_gmt":"2015-08-06T14:35:44","guid":{"rendered":"https:\/\/www.coolepark.ie\/stair\/bantiarna-gregory-na-cuile\/"},"modified":"2023-09-01T11:38:05","modified_gmt":"2023-09-01T11:38:05","slug":"bantiarna-gregory-na-cuile","status":"publish","type":"page","link":"https:\/\/www.coolepark.ie\/ga\/stair\/bantiarna-gregory-na-cuile\/","title":{"rendered":"Bantiarna Gregory na C\u00faile"},"content":{"rendered":"<p><img loading=\"lazy\" decoding=\"async\" class=\"alignright wp-image-291 size-medium\" src=\"https:\/\/www.coolepark.ie\/wp-content\/uploads\/2018\/06\/Lady-Gregory-Wedding-photo-207x300.jpg\" alt=\"Bantiarna Gregory na C\u00faile\" width=\"207\" height=\"300\" srcset=\"https:\/\/www.coolepark.ie\/wp-content\/uploads\/2018\/06\/Lady-Gregory-Wedding-photo-207x300.jpg 207w, https:\/\/www.coolepark.ie\/wp-content\/uploads\/2018\/06\/Lady-Gregory-Wedding-photo-768x1112.jpg 768w, https:\/\/www.coolepark.ie\/wp-content\/uploads\/2018\/06\/Lady-Gregory-Wedding-photo-707x1024.jpg 707w, https:\/\/www.coolepark.ie\/wp-content\/uploads\/2018\/06\/Lady-Gregory-Wedding-photo.jpg 822w\" sizes=\"auto, (max-width: 207px) 100vw, 207px\" \/>Rugadh Isabella Augusta Persse sa bhliain 1852 ag i gCreig an R\u00f3istigh, gar do Chill Chr\u00edost, i nDeisceart Chontae na Gaillimhe. Bh\u00ed sp\u00e9is aici sa litr\u00edocht \u00f3 bh\u00ed s\u00ed an-\u00f3g, agus i sc\u00e9alta faoi laochra na h\u00c9ireann spreagtha ag feighl\u00ed leana\u00ed. Sa bhliain 1880 ph\u00f3s s\u00ed a comharsa, an Ridire William Gregory \u00f3n gC\u00fail a bh\u00ed tar \u00e9is \u00e9irigh as a ghairm bheatha pholaiti\u00fail ar dt\u00fas mar Theachta Parlaiminte do Bhaile \u00c1tha Cliath agus do Ghaillimh agus ina dhiaidh sin mar Ghobharn\u00f3ir ar Ceylon (Sr\u00ed Lanca). Bh\u00ed s\u00ed f\u00e9in 28 bliain d\u2019aois ag an am agus bh\u00ed seisean 63. Bh\u00ed mac amh\u00e1in acu, Robert, a rugadh sa bhliain 1881.<\/p>\n<p>Chuir an Ridire William socha\u00ed Londain in aithne di, chomh maith le litr\u00edocht, na heala\u00edona agus taisteal. Tar \u00e9is bh\u00e1s an Ridire William in 1892, chaith an Bhantiarna Gregory, a bh\u00ed 40 bliain d\u2019aois ag an am, cuid mh\u00f3r d\u00e1 cuid ama ag scr\u00edobh, ag tos\u00fa le cuimhn\u00ed cinn a fir ch\u00e9ile nach maireann a thras-scr\u00edobh. D\u2019fhoghlaim s\u00ed Gaeilge, ar dt\u00fas \u00f3 chuid d\u00e1 cuid tion\u00f3nta\u00ed, agus ansin nuair a chaith s\u00ed am ar Oile\u00e1in \u00c1rann. D\u2019\u00fas\u00e1id s\u00ed an t-eolas seo agus an ghr\u00e1 a bh\u00ed aici do mhiotaseola\u00edocht na h\u00c9ireann chun sc\u00e9alta Ch\u00fachulainn, Fhinn Mac Cumhail, Clann L\u00edr agus eile a aistri\u00fa \u00f3 Ghaeilge go B\u00e9arla.<\/p>\n<p><img loading=\"lazy\" decoding=\"async\" class=\"alignleft wp-image-294 size-medium\" src=\"https:\/\/www.coolepark.ie\/wp-content\/uploads\/2018\/06\/Lady-Gregory-in-the-walled-garden-300x261.jpg\" alt=\"An Bhantiarna Gregory sa nGarra\u00ed Daingean\" width=\"300\" height=\"261\" srcset=\"https:\/\/www.coolepark.ie\/wp-content\/uploads\/2018\/06\/Lady-Gregory-in-the-walled-garden-300x261.jpg 300w, https:\/\/www.coolepark.ie\/wp-content\/uploads\/2018\/06\/Lady-Gregory-in-the-walled-garden-768x667.jpg 768w, https:\/\/www.coolepark.ie\/wp-content\/uploads\/2018\/06\/Lady-Gregory-in-the-walled-garden-1024x889.jpg 1024w, https:\/\/www.coolepark.ie\/wp-content\/uploads\/2018\/06\/Lady-Gregory-in-the-walled-garden.jpg 1140w\" sizes=\"auto, (max-width: 300px) 100vw, 300px\" \/>Ba cor cinni\u00fanach a bh\u00ed ann don bheirt acu nuair casadh William Butler Yeats \u00f3g uirthi sna 1890id\u00ed agus bh\u00edodar mar chairde agus comhoibritheoir\u00ed ar feadh an tsaoil. Chomhbhunaigh siad f\u00e9in agus daoine eile Amharclann na Mainistreach agus \u00e9 ar intinn acu dr\u00e1ma\u00ed faoi shaol na h\u00c9ireann a scr\u00edobh, a l\u00e9iri\u00fa agus a chur ar st\u00e1itse do mhuintir na h\u00c9ireann. Bh\u00ed s\u00ed ar dhuine de na pearsana ba th\u00e1bhachta\u00ed in Athbheochan Liteartha na h\u00c9ireann go luath san 20\u00fa haois, go h\u00e1irithe mar gheall ar an mbealach a d\u2019athraigh s\u00ed an Ch\u00fail ina l\u00e1rphointe d\u00f3ibh si\u00fad a mh\u00fanlaigh an ghluaiseacht sin, rud a d\u2019fh\u00e1g gur \u00e1it \u00ed a bhfillfid\u00eds ar\u00eds agus ar\u00eds eile chun labhairt, chun plean\u00e1il a dh\u00e9anamh, agus chun inspior\u00e1id a fh\u00e1il.<\/p>\n<p>Fuair an Bhantiarna Gregory, dr\u00e1mad\u00f3ir, b\u00e9aloideas\u00f3ir agus comhbhunaitheoir Amharclann na Mainistreach b\u00e1s ar 22 Bealtaine 1932. Is f\u00e9idir taith\u00ed a fh\u00e1il f\u00f3s ar dhra\u00edocht na C\u00faile, a spreag an oiread sin daoine, c\u00e9 nach bhfuil an teach ann a thuilleadh. Maireann a hoidhreacht scr\u00edbhinn\u00ed agus pland\u00e1la crann, a ndearna Sean O\u2019Casey cur s\u00edos orthu mar \u201cher chief charmers, the one nearest her mind, the other nearest her heart\u201d. T\u00e1 an fe\u00e1 m\u00f3r rua f\u00f3s ina seasamh sa gharra\u00ed daingean le hinscr\u00edbhinn\u00ed \u00f3 Sean O\u2019Casey, William Butler Yeats, George Bernard Shaw agus an Bhantiarna Gregory \u00ed f\u00e9in, i measc daoine eile.<\/p>\n<p>&nbsp;<\/p>\n<p style=\"font-size: 1.5em; font-weight: 600; padding: 10px; border-top-width: 1px; border-top-style: solid; border-top-color: #0c7815; border-bottom-width: 1px; border-bottom-style: solid; border-bottom-color: #0c7815;\"><em>\u201cThese woods have been well loved, well-tended by some who came before me, and my affection has been no less than theirs. The generations of trees have been my care, my comforters. Their companionship has often brought me peace.\u201d<\/em> An Bhantiarna Gregory, An Ch\u00fail, 1931<\/p>\n","protected":false},"excerpt":{"rendered":"<p>Rugadh Isabella Augusta Persse sa bhliain 1852 ag i gCreig an R\u00f3istigh, gar do Chill Chr\u00edost, i nDeisceart Chontae na Gaillimhe. Bh\u00ed sp\u00e9is aici sa litr\u00edocht \u00f3 bh\u00ed s\u00ed an-\u00f3g, agus i sc\u00e9alta faoi laochra na h\u00c9ireann spreagtha ag feighl\u00ed leana\u00ed. Sa bhliain 1880 ph\u00f3s s\u00ed a comharsa, an Ridire William Gregory \u00f3n gC\u00fail a&hellip; <a class=\"continue\" href=\"https:\/\/www.coolepark.ie\/ga\/stair\/bantiarna-gregory-na-cuile\/\">Read More<span> Bantiarna Gregory na C\u00faile<\/span><\/a><\/p>\n","protected":false},"author":3,"featured_media":1273,"parent":1401,"menu_order":9,"comment_status":"closed","ping_status":"closed","template":"full-width.php","meta":{"footnotes":""},"class_list":["post-1403","page","type-page","status-publish","has-post-thumbnail","hentry"],"yoast_head":"<!-- This site is optimized with the Yoast SEO plugin v27.5 - https:\/\/yoast.com\/product\/yoast-seo-wordpress\/ -->\n<title>Bantiarna Gregory na C\u00faile - Anaclann D\u00falra Ph\u00e1irc na C\u00faile<\/title>\n<meta name=\"robots\" content=\"index, follow, max-snippet:-1, max-image-preview:large, max-video-preview:-1\" \/>\n<link rel=\"canonical\" href=\"https:\/\/www.coolepark.ie\/ga\/stair\/bantiarna-gregory-na-cuile\/\" \/>\n<meta property=\"og:locale\" content=\"ga_IE\" \/>\n<meta property=\"og:type\" content=\"article\" \/>\n<meta property=\"og:title\" content=\"Bantiarna Gregory na C\u00faile - Anaclann D\u00falra Ph\u00e1irc na C\u00faile\" \/>\n<meta property=\"og:description\" content=\"Rugadh Isabella Augusta Persse sa bhliain 1852 ag i gCreig an R\u00f3istigh, gar do Chill Chr\u00edost, i nDeisceart Chontae na Gaillimhe. Bh\u00ed sp\u00e9is aici sa litr\u00edocht \u00f3 bh\u00ed s\u00ed an-\u00f3g, agus i sc\u00e9alta faoi laochra na h\u00c9ireann spreagtha ag feighl\u00ed leana\u00ed. Sa bhliain 1880 ph\u00f3s s\u00ed a comharsa, an Ridire William Gregory \u00f3n gC\u00fail a&hellip; Read More Bantiarna Gregory na C\u00faile\" \/>\n<meta property=\"og:url\" content=\"https:\/\/www.coolepark.ie\/ga\/stair\/bantiarna-gregory-na-cuile\/\" \/>\n<meta property=\"og:site_name\" content=\"Anaclann D\u00falra Ph\u00e1irc na C\u00faile\" \/>\n<meta property=\"article:publisher\" content=\"https:\/\/www.facebook.com\/coolegarrylandnaturereserve\" \/>\n<meta property=\"article:modified_time\" content=\"2023-09-01T11:38:05+00:00\" \/>\n<meta property=\"og:image\" content=\"https:\/\/www.coolepark.ie\/wp-content\/uploads\/2019\/06\/autograph-tree.jpg\" \/>\n\t<meta property=\"og:image:width\" content=\"3872\" \/>\n\t<meta property=\"og:image:height\" content=\"752\" \/>\n\t<meta property=\"og:image:type\" content=\"image\/jpeg\" \/>\n<meta name=\"twitter:card\" content=\"summary_large_image\" \/>\n<meta name=\"twitter:site\" content=\"@DeptHousingIRL\" \/>\n<meta name=\"twitter:label1\" content=\"Est. reading time\" \/>\n\t<meta name=\"twitter:data1\" content=\"3 minutes\" \/>\n<script type=\"application\/ld+json\" class=\"yoast-schema-graph\">{\"@context\":\"https:\\\/\\\/schema.org\",\"@graph\":[{\"@type\":\"WebPage\",\"@id\":\"https:\\\/\\\/www.coolepark.ie\\\/ga\\\/stair\\\/bantiarna-gregory-na-cuile\\\/\",\"url\":\"https:\\\/\\\/www.coolepark.ie\\\/ga\\\/stair\\\/bantiarna-gregory-na-cuile\\\/\",\"name\":\"Bantiarna Gregory na C\u00faile - Anaclann D\u00falra Ph\u00e1irc na C\u00faile\",\"isPartOf\":{\"@id\":\"https:\\\/\\\/www.coolepark.ie\\\/ga\\\/#website\"},\"primaryImageOfPage\":{\"@id\":\"https:\\\/\\\/www.coolepark.ie\\\/ga\\\/stair\\\/bantiarna-gregory-na-cuile\\\/#primaryimage\"},\"image\":{\"@id\":\"https:\\\/\\\/www.coolepark.ie\\\/ga\\\/stair\\\/bantiarna-gregory-na-cuile\\\/#primaryimage\"},\"thumbnailUrl\":\"https:\\\/\\\/www.coolepark.ie\\\/wp-content\\\/uploads\\\/2019\\\/06\\\/autograph-tree.jpg\",\"datePublished\":\"2015-08-06T14:35:44+00:00\",\"dateModified\":\"2023-09-01T11:38:05+00:00\",\"breadcrumb\":{\"@id\":\"https:\\\/\\\/www.coolepark.ie\\\/ga\\\/stair\\\/bantiarna-gregory-na-cuile\\\/#breadcrumb\"},\"inLanguage\":\"ga-IE\",\"potentialAction\":[{\"@type\":\"ReadAction\",\"target\":[\"https:\\\/\\\/www.coolepark.ie\\\/ga\\\/stair\\\/bantiarna-gregory-na-cuile\\\/\"]}]},{\"@type\":\"ImageObject\",\"inLanguage\":\"ga-IE\",\"@id\":\"https:\\\/\\\/www.coolepark.ie\\\/ga\\\/stair\\\/bantiarna-gregory-na-cuile\\\/#primaryimage\",\"url\":\"https:\\\/\\\/www.coolepark.ie\\\/wp-content\\\/uploads\\\/2019\\\/06\\\/autograph-tree.jpg\",\"contentUrl\":\"https:\\\/\\\/www.coolepark.ie\\\/wp-content\\\/uploads\\\/2019\\\/06\\\/autograph-tree.jpg\",\"width\":3872,\"height\":752},{\"@type\":\"BreadcrumbList\",\"@id\":\"https:\\\/\\\/www.coolepark.ie\\\/ga\\\/stair\\\/bantiarna-gregory-na-cuile\\\/#breadcrumb\",\"itemListElement\":[{\"@type\":\"ListItem\",\"position\":1,\"name\":\"Home\",\"item\":\"https:\\\/\\\/www.coolepark.ie\\\/ga\\\/\"},{\"@type\":\"ListItem\",\"position\":2,\"name\":\"Stair\",\"item\":\"https:\\\/\\\/www.coolepark.ie\\\/ga\\\/stair\\\/\"},{\"@type\":\"ListItem\",\"position\":3,\"name\":\"Bantiarna Gregory na C\u00faile\"}]},{\"@type\":\"WebSite\",\"@id\":\"https:\\\/\\\/www.coolepark.ie\\\/ga\\\/#website\",\"url\":\"https:\\\/\\\/www.coolepark.ie\\\/ga\\\/\",\"name\":\"Anaclann D\u00falra Ph\u00e1irc na C\u00faile\",\"description\":\"\",\"potentialAction\":[{\"@type\":\"SearchAction\",\"target\":{\"@type\":\"EntryPoint\",\"urlTemplate\":\"https:\\\/\\\/www.coolepark.ie\\\/ga\\\/?s={search_term_string}\"},\"query-input\":{\"@type\":\"PropertyValueSpecification\",\"valueRequired\":true,\"valueName\":\"search_term_string\"}}],\"inLanguage\":\"ga-IE\"}]}<\/script>\n<!-- \/ Yoast SEO plugin. -->","yoast_head_json":{"title":"Bantiarna Gregory na C\u00faile - Anaclann D\u00falra Ph\u00e1irc na C\u00faile","robots":{"index":"index","follow":"follow","max-snippet":"max-snippet:-1","max-image-preview":"max-image-preview:large","max-video-preview":"max-video-preview:-1"},"canonical":"https:\/\/www.coolepark.ie\/ga\/stair\/bantiarna-gregory-na-cuile\/","og_locale":"ga_IE","og_type":"article","og_title":"Bantiarna Gregory na C\u00faile - Anaclann D\u00falra Ph\u00e1irc na C\u00faile","og_description":"Rugadh Isabella Augusta Persse sa bhliain 1852 ag i gCreig an R\u00f3istigh, gar do Chill Chr\u00edost, i nDeisceart Chontae na Gaillimhe. Bh\u00ed sp\u00e9is aici sa litr\u00edocht \u00f3 bh\u00ed s\u00ed an-\u00f3g, agus i sc\u00e9alta faoi laochra na h\u00c9ireann spreagtha ag feighl\u00ed leana\u00ed. Sa bhliain 1880 ph\u00f3s s\u00ed a comharsa, an Ridire William Gregory \u00f3n gC\u00fail a&hellip; Read More Bantiarna Gregory na C\u00faile","og_url":"https:\/\/www.coolepark.ie\/ga\/stair\/bantiarna-gregory-na-cuile\/","og_site_name":"Anaclann D\u00falra Ph\u00e1irc na C\u00faile","article_publisher":"https:\/\/www.facebook.com\/coolegarrylandnaturereserve","article_modified_time":"2023-09-01T11:38:05+00:00","og_image":[{"width":3872,"height":752,"url":"https:\/\/www.coolepark.ie\/wp-content\/uploads\/2019\/06\/autograph-tree.jpg","type":"image\/jpeg"}],"twitter_card":"summary_large_image","twitter_site":"@DeptHousingIRL","twitter_misc":{"Est. reading time":"3 minutes"},"schema":{"@context":"https:\/\/schema.org","@graph":[{"@type":"WebPage","@id":"https:\/\/www.coolepark.ie\/ga\/stair\/bantiarna-gregory-na-cuile\/","url":"https:\/\/www.coolepark.ie\/ga\/stair\/bantiarna-gregory-na-cuile\/","name":"Bantiarna Gregory na C\u00faile - Anaclann D\u00falra Ph\u00e1irc na C\u00faile","isPartOf":{"@id":"https:\/\/www.coolepark.ie\/ga\/#website"},"primaryImageOfPage":{"@id":"https:\/\/www.coolepark.ie\/ga\/stair\/bantiarna-gregory-na-cuile\/#primaryimage"},"image":{"@id":"https:\/\/www.coolepark.ie\/ga\/stair\/bantiarna-gregory-na-cuile\/#primaryimage"},"thumbnailUrl":"https:\/\/www.coolepark.ie\/wp-content\/uploads\/2019\/06\/autograph-tree.jpg","datePublished":"2015-08-06T14:35:44+00:00","dateModified":"2023-09-01T11:38:05+00:00","breadcrumb":{"@id":"https:\/\/www.coolepark.ie\/ga\/stair\/bantiarna-gregory-na-cuile\/#breadcrumb"},"inLanguage":"ga-IE","potentialAction":[{"@type":"ReadAction","target":["https:\/\/www.coolepark.ie\/ga\/stair\/bantiarna-gregory-na-cuile\/"]}]},{"@type":"ImageObject","inLanguage":"ga-IE","@id":"https:\/\/www.coolepark.ie\/ga\/stair\/bantiarna-gregory-na-cuile\/#primaryimage","url":"https:\/\/www.coolepark.ie\/wp-content\/uploads\/2019\/06\/autograph-tree.jpg","contentUrl":"https:\/\/www.coolepark.ie\/wp-content\/uploads\/2019\/06\/autograph-tree.jpg","width":3872,"height":752},{"@type":"BreadcrumbList","@id":"https:\/\/www.coolepark.ie\/ga\/stair\/bantiarna-gregory-na-cuile\/#breadcrumb","itemListElement":[{"@type":"ListItem","position":1,"name":"Home","item":"https:\/\/www.coolepark.ie\/ga\/"},{"@type":"ListItem","position":2,"name":"Stair","item":"https:\/\/www.coolepark.ie\/ga\/stair\/"},{"@type":"ListItem","position":3,"name":"Bantiarna Gregory na C\u00faile"}]},{"@type":"WebSite","@id":"https:\/\/www.coolepark.ie\/ga\/#website","url":"https:\/\/www.coolepark.ie\/ga\/","name":"Anaclann D\u00falra Ph\u00e1irc na C\u00faile","description":"","potentialAction":[{"@type":"SearchAction","target":{"@type":"EntryPoint","urlTemplate":"https:\/\/www.coolepark.ie\/ga\/?s={search_term_string}"},"query-input":{"@type":"PropertyValueSpecification","valueRequired":true,"valueName":"search_term_string"}}],"inLanguage":"ga-IE"}]}},"_links":{"self":[{"href":"https:\/\/www.coolepark.ie\/ga\/wp-json\/wp\/v2\/pages\/1403","targetHints":{"allow":["GET"]}}],"collection":[{"href":"https:\/\/www.coolepark.ie\/ga\/wp-json\/wp\/v2\/pages"}],"about":[{"href":"https:\/\/www.coolepark.ie\/ga\/wp-json\/wp\/v2\/types\/page"}],"author":[{"embeddable":true,"href":"https:\/\/www.coolepark.ie\/ga\/wp-json\/wp\/v2\/users\/3"}],"replies":[{"embeddable":true,"href":"https:\/\/www.coolepark.ie\/ga\/wp-json\/wp\/v2\/comments?post=1403"}],"version-history":[{"count":1,"href":"https:\/\/www.coolepark.ie\/ga\/wp-json\/wp\/v2\/pages\/1403\/revisions"}],"predecessor-version":[{"id":1674,"href":"https:\/\/www.coolepark.ie\/ga\/wp-json\/wp\/v2\/pages\/1403\/revisions\/1674"}],"up":[{"embeddable":true,"href":"https:\/\/www.coolepark.ie\/ga\/wp-json\/wp\/v2\/pages\/1401"}],"wp:featuredmedia":[{"embeddable":true,"href":"https:\/\/www.coolepark.ie\/ga\/wp-json\/wp\/v2\/media\/1273"}],"wp:attachment":[{"href":"https:\/\/www.coolepark.ie\/ga\/wp-json\/wp\/v2\/media?parent=1403"}],"curies":[{"name":"wp","href":"https:\/\/api.w.org\/{rel}","templated":true}]}}