{"id":1406,"date":"2015-02-03T15:54:58","date_gmt":"2015-02-03T15:54:58","guid":{"rendered":"https:\/\/www.coolepark.ie\/stair\/naisc-liteartha\/"},"modified":"2023-09-01T11:38:21","modified_gmt":"2023-09-01T11:38:21","slug":"naisc-liteartha","status":"publish","type":"page","link":"https:\/\/www.coolepark.ie\/ga\/stair\/naisc-liteartha\/","title":{"rendered":"Naisc Liteartha"},"content":{"rendered":"<p>Le linn na hAthbheochana Liteartha in \u00c9irinn ag deireadh an 19\u00fa haois agus t\u00fas an 20\u00fa haois, bh\u00ed an Ch\u00fail mar \u00e1it ina raibh daoine c\u00e1ili\u00fala liteartha ag lorg tearmainn \u00f3 am go ch\u00e9ile, meallta ag flaithi\u00falacht agus d\u00edograis na Bantiarna Gregory, a ndearna George Bernard Shaw cur s\u00edos uirthi tr\u00e1th mar \u2018the greatest living Irishwoman\u2019.<\/p>\n<p>T\u00e1 ainmneacha go leor d\u00edobh si\u00fad a chuidigh leis an Athbheochan Liteartha greanta ar Chrann S\u00edni\u00fach\u00e1in na Bantiarna Gregory \u2013 Fe\u00e1 rua iontach at\u00e1 f\u00f3s ina seasamh sa gharra\u00ed daingean. Ba \u00e9 William Butler Yeats an ch\u00e9ad ainm a greanadh ar an gcrann, agus d\u2019iarr s\u00ed air a chuid inisealacha a ghreanadh ar an gcoirt le linn samhradh na bliana 1898.<\/p>\n<p>Fuair go leor daoine inspior\u00e1id \u00f3n gC\u00fail. Dar leis an mBantiarna Gregory, nuair a thug Synge cuairt ar an gC\u00fail nach ndeachaigh s\u00e9 amach ar na b\u00f3ithre riamh; chaith s\u00e9 a chuid ama ar fad sa choill. D\u2019fhoghlaim Sean O\u2019Casey ainmneacha na gcrann \u00f3n mBantiarna Gregory agus iad ag si\u00fal agus ag caint.<\/p>\n<p>Ba \u00e9 Yeats, \u00e1fach, ba mh\u00f3 a fuair spreagadh \u00f3n gC\u00fail, \u00f3n uair a th\u00e1inig s\u00e9 ann ar dt\u00fas in 1897, agus \u00e9 sp\u00edonta go fisiceach agus go s\u00edceola\u00edoch agus thug an Bhantiarna Gregory aire d\u00f3 go raibh s\u00e9 ina shl\u00e1inte ar\u00eds. Rinne s\u00e9 cur s\u00edos uair amh\u00e1in ar Ch\u00fail lena chomhfhile John Masefield mar an \u00e1it is \u00e1ille ar domhan. Bh\u00ed s\u00e9 mar chro\u00edl\u00e1r a shaol in \u00c9irinn, agus rinne s\u00e9 cur s\u00edos air mar: \u201cI found at last what I had been seeking always, a life of order and labour\u201d shocraigh an Bhantiarna Gregory r\u00e9im cothrom oibre agus sc\u00edthe d\u00f3 agus chuir s\u00ed iallach air b\u00e9il\u00ed cearta a ithe. Nuair a bh\u00ed s\u00e9 ag fanacht ann, bh\u00ed s\u00e9 ina ch\u00f3na\u00ed i nd\u00e1ir\u00edre i saol eile. Agus \u00e9 ag f\u00e1na\u00edocht sna coillte agus ar na tailte, gafa ag dt\u00edrdhreach na samhla\u00edochta, is annamh a bheann\u00f3dh s\u00e9 do dhuine nach raibh aithne aige air, agus n\u00ed \u00e9istfeadh s\u00e9 ach amh\u00e1in \u2018d\u00e1 labhr\u00f3fa\u00ed ar na s\u00edoga\u2019.<\/p>\n<p><img loading=\"lazy\" decoding=\"async\" class=\"alignleft wp-image-556\" src=\"https:\/\/www.coolepark.ie\/wp-content\/uploads\/2019\/05\/lady-gregory-1-255x300.jpg\" alt=\"An Bhantiarna Gregory\" width=\"310\" height=\"365\" srcset=\"https:\/\/www.coolepark.ie\/wp-content\/uploads\/2019\/05\/lady-gregory-1-255x300.jpg 255w, https:\/\/www.coolepark.ie\/wp-content\/uploads\/2019\/05\/lady-gregory-1.jpg 606w\" sizes=\"auto, (max-width: 310px) 100vw, 310px\" \/>Dar le Yeats, bh\u00ed i bhfad n\u00edos m\u00f3 i bP\u00e1irc na C\u00faile n\u00e1 an \u00e1it f\u00e9in, c\u00e9 go gcuireann go leor d\u00e1 dh\u00e1nta gr\u00e1 is fearr s\u00edos ar an t\u00edrdhreach agus ar na hainmhithe at\u00e1 le feice\u00e1il ann go f\u00f3ill sa l\u00e1 at\u00e1 inniu ann. Bhain s\u00e9 \u00fas\u00e1id as an \u00e1it agus as siombail\u00ed eile chun a fh\u00eds maidir le saol ioml\u00e1n eile a chur in i\u00fal \u2013 ba \u2018epiphanies of a truth beyond the limits of the accident that is Ben Bulben, Coole Park or Lissadel etc.\u2019 a bh\u00ed iontu. Sa bhliain 1936, ceithre bliana tar \u00e9is b\u00e1s na Bantiarna Gregory scr\u00edobh s\u00e9 \u201cI long for quiet; long ago I used to find it at Coole. It was part of the genius of that house\u201d<\/p>\n<div style=\"font-size: 1.5em; font-weight: 600; line-height: 1.1; padding-top: 10px; padding-right: 10px; padding-bottom: 10px; width: 67%; float: right; border-top: 1px solid #0c7815; border-bottom: 1px solid #0c7815;\"><em>Under my window ledge the waters race,<\/em><br \/>\n<em>Otters below and moor-hens on the top,<\/em><br \/>\n<em>Run for a mile undimmed in Heaven&#8217;s face,<\/em><br \/>\n<em>Then darkening through &#8216;dark&#8217; Raftery&#8217;s &#8216;cellar&#8217; drop,<\/em><br \/>\n<em>Run underground, rise in a rocky place<\/em><br \/>\n<em>In Coole demesne, and there to finish up<\/em><br \/>\n<em>Spread to a lake and drop into a hole.<\/em><br \/>\n<em>What&#8217;s water but the generated soul?&#8217;<\/em><br \/>\n&#8211; W.B. Yeats &#8216;Coole Park and Ballylee, 1931&#8217;<\/div>\n","protected":false},"excerpt":{"rendered":"<p>Le linn na hAthbheochana Liteartha in \u00c9irinn ag deireadh an 19\u00fa haois agus t\u00fas an 20\u00fa haois, bh\u00ed an Ch\u00fail mar \u00e1it ina raibh daoine c\u00e1ili\u00fala liteartha ag lorg tearmainn \u00f3 am go ch\u00e9ile, meallta ag flaithi\u00falacht agus d\u00edograis na Bantiarna Gregory, a ndearna George Bernard Shaw cur s\u00edos uirthi tr\u00e1th mar \u2018the greatest living&hellip; <a class=\"continue\" href=\"https:\/\/www.coolepark.ie\/ga\/stair\/naisc-liteartha\/\">Read More<span> Naisc Liteartha<\/span><\/a><\/p>\n","protected":false},"author":3,"featured_media":1273,"parent":1401,"menu_order":11,"comment_status":"closed","ping_status":"closed","template":"full-width.php","meta":{"footnotes":""},"class_list":["post-1406","page","type-page","status-publish","has-post-thumbnail","hentry"],"yoast_head":"<!-- This site is optimized with the Yoast SEO plugin v27.5 - https:\/\/yoast.com\/product\/yoast-seo-wordpress\/ -->\n<title>Naisc Liteartha - Anaclann D\u00falra Ph\u00e1irc na C\u00faile<\/title>\n<meta name=\"robots\" content=\"index, follow, max-snippet:-1, max-image-preview:large, max-video-preview:-1\" \/>\n<link rel=\"canonical\" href=\"https:\/\/www.coolepark.ie\/ga\/stair\/naisc-liteartha\/\" \/>\n<meta property=\"og:locale\" content=\"ga_IE\" \/>\n<meta property=\"og:type\" content=\"article\" \/>\n<meta property=\"og:title\" content=\"Naisc Liteartha - Anaclann D\u00falra Ph\u00e1irc na C\u00faile\" \/>\n<meta property=\"og:description\" content=\"Le linn na hAthbheochana Liteartha in \u00c9irinn ag deireadh an 19\u00fa haois agus t\u00fas an 20\u00fa haois, bh\u00ed an Ch\u00fail mar \u00e1it ina raibh daoine c\u00e1ili\u00fala liteartha ag lorg tearmainn \u00f3 am go ch\u00e9ile, meallta ag flaithi\u00falacht agus d\u00edograis na Bantiarna Gregory, a ndearna George Bernard Shaw cur s\u00edos uirthi tr\u00e1th mar \u2018the greatest living&hellip; Read More Naisc Liteartha\" \/>\n<meta property=\"og:url\" content=\"https:\/\/www.coolepark.ie\/ga\/stair\/naisc-liteartha\/\" \/>\n<meta property=\"og:site_name\" content=\"Anaclann D\u00falra Ph\u00e1irc na C\u00faile\" \/>\n<meta property=\"article:publisher\" content=\"https:\/\/www.facebook.com\/coolegarrylandnaturereserve\" \/>\n<meta property=\"article:modified_time\" content=\"2023-09-01T11:38:21+00:00\" \/>\n<meta property=\"og:image\" content=\"https:\/\/www.coolepark.ie\/wp-content\/uploads\/2019\/06\/autograph-tree.jpg\" \/>\n\t<meta property=\"og:image:width\" content=\"3872\" \/>\n\t<meta property=\"og:image:height\" content=\"752\" \/>\n\t<meta property=\"og:image:type\" content=\"image\/jpeg\" \/>\n<meta name=\"twitter:card\" content=\"summary_large_image\" \/>\n<meta name=\"twitter:site\" content=\"@DeptHousingIRL\" \/>\n<meta name=\"twitter:label1\" content=\"Est. reading time\" \/>\n\t<meta name=\"twitter:data1\" content=\"3 minutes\" \/>\n<script type=\"application\/ld+json\" class=\"yoast-schema-graph\">{\"@context\":\"https:\\\/\\\/schema.org\",\"@graph\":[{\"@type\":\"WebPage\",\"@id\":\"https:\\\/\\\/www.coolepark.ie\\\/ga\\\/stair\\\/naisc-liteartha\\\/\",\"url\":\"https:\\\/\\\/www.coolepark.ie\\\/ga\\\/stair\\\/naisc-liteartha\\\/\",\"name\":\"Naisc Liteartha - Anaclann D\u00falra Ph\u00e1irc na C\u00faile\",\"isPartOf\":{\"@id\":\"https:\\\/\\\/www.coolepark.ie\\\/ga\\\/#website\"},\"primaryImageOfPage\":{\"@id\":\"https:\\\/\\\/www.coolepark.ie\\\/ga\\\/stair\\\/naisc-liteartha\\\/#primaryimage\"},\"image\":{\"@id\":\"https:\\\/\\\/www.coolepark.ie\\\/ga\\\/stair\\\/naisc-liteartha\\\/#primaryimage\"},\"thumbnailUrl\":\"https:\\\/\\\/www.coolepark.ie\\\/wp-content\\\/uploads\\\/2019\\\/06\\\/autograph-tree.jpg\",\"datePublished\":\"2015-02-03T15:54:58+00:00\",\"dateModified\":\"2023-09-01T11:38:21+00:00\",\"breadcrumb\":{\"@id\":\"https:\\\/\\\/www.coolepark.ie\\\/ga\\\/stair\\\/naisc-liteartha\\\/#breadcrumb\"},\"inLanguage\":\"ga-IE\",\"potentialAction\":[{\"@type\":\"ReadAction\",\"target\":[\"https:\\\/\\\/www.coolepark.ie\\\/ga\\\/stair\\\/naisc-liteartha\\\/\"]}]},{\"@type\":\"ImageObject\",\"inLanguage\":\"ga-IE\",\"@id\":\"https:\\\/\\\/www.coolepark.ie\\\/ga\\\/stair\\\/naisc-liteartha\\\/#primaryimage\",\"url\":\"https:\\\/\\\/www.coolepark.ie\\\/wp-content\\\/uploads\\\/2019\\\/06\\\/autograph-tree.jpg\",\"contentUrl\":\"https:\\\/\\\/www.coolepark.ie\\\/wp-content\\\/uploads\\\/2019\\\/06\\\/autograph-tree.jpg\",\"width\":3872,\"height\":752},{\"@type\":\"BreadcrumbList\",\"@id\":\"https:\\\/\\\/www.coolepark.ie\\\/ga\\\/stair\\\/naisc-liteartha\\\/#breadcrumb\",\"itemListElement\":[{\"@type\":\"ListItem\",\"position\":1,\"name\":\"Home\",\"item\":\"https:\\\/\\\/www.coolepark.ie\\\/ga\\\/\"},{\"@type\":\"ListItem\",\"position\":2,\"name\":\"Stair\",\"item\":\"https:\\\/\\\/www.coolepark.ie\\\/ga\\\/stair\\\/\"},{\"@type\":\"ListItem\",\"position\":3,\"name\":\"Naisc Liteartha\"}]},{\"@type\":\"WebSite\",\"@id\":\"https:\\\/\\\/www.coolepark.ie\\\/ga\\\/#website\",\"url\":\"https:\\\/\\\/www.coolepark.ie\\\/ga\\\/\",\"name\":\"Anaclann D\u00falra Ph\u00e1irc na C\u00faile\",\"description\":\"\",\"potentialAction\":[{\"@type\":\"SearchAction\",\"target\":{\"@type\":\"EntryPoint\",\"urlTemplate\":\"https:\\\/\\\/www.coolepark.ie\\\/ga\\\/?s={search_term_string}\"},\"query-input\":{\"@type\":\"PropertyValueSpecification\",\"valueRequired\":true,\"valueName\":\"search_term_string\"}}],\"inLanguage\":\"ga-IE\"}]}<\/script>\n<!-- \/ Yoast SEO plugin. -->","yoast_head_json":{"title":"Naisc Liteartha - Anaclann D\u00falra Ph\u00e1irc na C\u00faile","robots":{"index":"index","follow":"follow","max-snippet":"max-snippet:-1","max-image-preview":"max-image-preview:large","max-video-preview":"max-video-preview:-1"},"canonical":"https:\/\/www.coolepark.ie\/ga\/stair\/naisc-liteartha\/","og_locale":"ga_IE","og_type":"article","og_title":"Naisc Liteartha - Anaclann D\u00falra Ph\u00e1irc na C\u00faile","og_description":"Le linn na hAthbheochana Liteartha in \u00c9irinn ag deireadh an 19\u00fa haois agus t\u00fas an 20\u00fa haois, bh\u00ed an Ch\u00fail mar \u00e1it ina raibh daoine c\u00e1ili\u00fala liteartha ag lorg tearmainn \u00f3 am go ch\u00e9ile, meallta ag flaithi\u00falacht agus d\u00edograis na Bantiarna Gregory, a ndearna George Bernard Shaw cur s\u00edos uirthi tr\u00e1th mar \u2018the greatest living&hellip; Read More Naisc Liteartha","og_url":"https:\/\/www.coolepark.ie\/ga\/stair\/naisc-liteartha\/","og_site_name":"Anaclann D\u00falra Ph\u00e1irc na C\u00faile","article_publisher":"https:\/\/www.facebook.com\/coolegarrylandnaturereserve","article_modified_time":"2023-09-01T11:38:21+00:00","og_image":[{"width":3872,"height":752,"url":"https:\/\/www.coolepark.ie\/wp-content\/uploads\/2019\/06\/autograph-tree.jpg","type":"image\/jpeg"}],"twitter_card":"summary_large_image","twitter_site":"@DeptHousingIRL","twitter_misc":{"Est. reading time":"3 minutes"},"schema":{"@context":"https:\/\/schema.org","@graph":[{"@type":"WebPage","@id":"https:\/\/www.coolepark.ie\/ga\/stair\/naisc-liteartha\/","url":"https:\/\/www.coolepark.ie\/ga\/stair\/naisc-liteartha\/","name":"Naisc Liteartha - Anaclann D\u00falra Ph\u00e1irc na C\u00faile","isPartOf":{"@id":"https:\/\/www.coolepark.ie\/ga\/#website"},"primaryImageOfPage":{"@id":"https:\/\/www.coolepark.ie\/ga\/stair\/naisc-liteartha\/#primaryimage"},"image":{"@id":"https:\/\/www.coolepark.ie\/ga\/stair\/naisc-liteartha\/#primaryimage"},"thumbnailUrl":"https:\/\/www.coolepark.ie\/wp-content\/uploads\/2019\/06\/autograph-tree.jpg","datePublished":"2015-02-03T15:54:58+00:00","dateModified":"2023-09-01T11:38:21+00:00","breadcrumb":{"@id":"https:\/\/www.coolepark.ie\/ga\/stair\/naisc-liteartha\/#breadcrumb"},"inLanguage":"ga-IE","potentialAction":[{"@type":"ReadAction","target":["https:\/\/www.coolepark.ie\/ga\/stair\/naisc-liteartha\/"]}]},{"@type":"ImageObject","inLanguage":"ga-IE","@id":"https:\/\/www.coolepark.ie\/ga\/stair\/naisc-liteartha\/#primaryimage","url":"https:\/\/www.coolepark.ie\/wp-content\/uploads\/2019\/06\/autograph-tree.jpg","contentUrl":"https:\/\/www.coolepark.ie\/wp-content\/uploads\/2019\/06\/autograph-tree.jpg","width":3872,"height":752},{"@type":"BreadcrumbList","@id":"https:\/\/www.coolepark.ie\/ga\/stair\/naisc-liteartha\/#breadcrumb","itemListElement":[{"@type":"ListItem","position":1,"name":"Home","item":"https:\/\/www.coolepark.ie\/ga\/"},{"@type":"ListItem","position":2,"name":"Stair","item":"https:\/\/www.coolepark.ie\/ga\/stair\/"},{"@type":"ListItem","position":3,"name":"Naisc Liteartha"}]},{"@type":"WebSite","@id":"https:\/\/www.coolepark.ie\/ga\/#website","url":"https:\/\/www.coolepark.ie\/ga\/","name":"Anaclann D\u00falra Ph\u00e1irc na C\u00faile","description":"","potentialAction":[{"@type":"SearchAction","target":{"@type":"EntryPoint","urlTemplate":"https:\/\/www.coolepark.ie\/ga\/?s={search_term_string}"},"query-input":{"@type":"PropertyValueSpecification","valueRequired":true,"valueName":"search_term_string"}}],"inLanguage":"ga-IE"}]}},"_links":{"self":[{"href":"https:\/\/www.coolepark.ie\/ga\/wp-json\/wp\/v2\/pages\/1406","targetHints":{"allow":["GET"]}}],"collection":[{"href":"https:\/\/www.coolepark.ie\/ga\/wp-json\/wp\/v2\/pages"}],"about":[{"href":"https:\/\/www.coolepark.ie\/ga\/wp-json\/wp\/v2\/types\/page"}],"author":[{"embeddable":true,"href":"https:\/\/www.coolepark.ie\/ga\/wp-json\/wp\/v2\/users\/3"}],"replies":[{"embeddable":true,"href":"https:\/\/www.coolepark.ie\/ga\/wp-json\/wp\/v2\/comments?post=1406"}],"version-history":[{"count":1,"href":"https:\/\/www.coolepark.ie\/ga\/wp-json\/wp\/v2\/pages\/1406\/revisions"}],"predecessor-version":[{"id":1675,"href":"https:\/\/www.coolepark.ie\/ga\/wp-json\/wp\/v2\/pages\/1406\/revisions\/1675"}],"up":[{"embeddable":true,"href":"https:\/\/www.coolepark.ie\/ga\/wp-json\/wp\/v2\/pages\/1401"}],"wp:featuredmedia":[{"embeddable":true,"href":"https:\/\/www.coolepark.ie\/ga\/wp-json\/wp\/v2\/media\/1273"}],"wp:attachment":[{"href":"https:\/\/www.coolepark.ie\/ga\/wp-json\/wp\/v2\/media?parent=1406"}],"curies":[{"name":"wp","href":"https:\/\/api.w.org\/{rel}","templated":true}]}}